{"id":391,"date":"2019-07-29T15:23:14","date_gmt":"2019-07-29T19:23:14","guid":{"rendered":"http:\/\/dev.arenafernandasselin.com\/?page_id=391"},"modified":"2023-12-03T16:47:04","modified_gmt":"2023-12-03T21:47:04","slug":"qui-etait-fernand-asselin","status":"publish","type":"page","link":"https:\/\/arenafernandasselin.com\/?page_id=391","title":{"rendered":"Qui \u00e9tait Fernand Asselin?"},"content":{"rendered":"<div class=\"wp-block-image\">\n<figure class=\"alignleft\"><img loading=\"lazy\" decoding=\"async\" width=\"200\" height=\"325\" src=\"https:\/\/arenafernandasselin.com\/wp-content\/uploads\/2019\/07\/fernand-asselin.jpg\" alt=\"\" class=\"wp-image-122\" srcset=\"https:\/\/arenafernandasselin.com\/wp-content\/uploads\/2019\/07\/fernand-asselin.jpg 200w, https:\/\/arenafernandasselin.com\/wp-content\/uploads\/2019\/07\/fernand-asselin-185x300.jpg 185w, https:\/\/arenafernandasselin.com\/wp-content\/uploads\/2019\/07\/fernand-asselin-100x163.jpg 100w\" sizes=\"(max-width: 200px) 100vw, 200px\" \/><\/figure><\/div>\n\n\n<p class=\"has-medium-font-size\"><strong>Mais qui \u00e9tait donc Fernand Asselin?<\/strong><\/p>\n\n\n\n<p class=\"has-medium-font-size\">Le nom de l\u2019ar\u00e9na a \u00e9t\u00e9 donn\u00e9 en l\u2019honneur du grand-p\u00e8re d\u2019\u00c9ric, le promoteurs de l&rsquo;ar\u00e9na.  Les murs de l&rsquo;ar\u00e9na sont peints aux couleurs des Canadiens de Montr\u00e9al (Bleu, Blanc, Rouge) en m\u00e9moire de Fernand Asselin, un grand fan du Tricolore.<\/p>\n\n\n\n<p class=\"has-medium-font-size\">Monsieur Fernand Asselin s&rsquo;est fortement impliqu\u00e9 dans le hockey mineur de sa communaut\u00e9 du nord du Lac St-Jean lorsque ses enfants ont d\u00e9but\u00e9s ce sport.  \u00c0 l&rsquo;\u00e9poque, dans les ann\u00e9es 60 et 70, \u00e0 l&rsquo;aide de son automobile, il faisait le transport de tous les joueurs de l&rsquo;\u00e9quipe dans les ar\u00e9nas pour les pratiques et les nombreux matchs locaux  et m\u00eame \u00e0 l&rsquo;ext\u00e9rieure de la ville.<\/p>\n\n\n\n<p class=\"has-medium-font-size\"><strong>Fernand adorait le hockey et il ne manquait jamais un match de  ses enfants et petits enfants. &nbsp;Impossible de ne pas aimer cet homme  humble au grand c\u0153ur qui \u00e9tait pr\u00eat \u00e0 tout sacrifier pour les autres. <\/strong><\/p>\n\n\n\n<pre class=\"wp-block-verse has-medium-font-size\"><em><strong>\"Grand-papa, nous ne t'oublierons jamais...\"<\/strong>\n<strong><strong>Tes enfants et petits enfants.<\/strong><\/strong><\/em><\/pre>\n\n\n\n<p><\/p>\n","protected":false},"excerpt":{"rendered":"<p>Mais qui \u00e9tait donc Fernand Asselin? Le nom de l\u2019ar\u00e9na a \u00e9t\u00e9 donn\u00e9 en l\u2019honneur du grand-p\u00e8re d\u2019\u00c9ric, le promoteurs de l&rsquo;ar\u00e9na. Les murs de l&rsquo;ar\u00e9na sont peints aux couleurs des Canadiens de Montr\u00e9al (Bleu, Blanc, Rouge) en m\u00e9moire de Fernand Asselin, un grand fan du Tricolore. Monsieur Fernand Asselin s&rsquo;est fortement impliqu\u00e9 dans le hockey mineur de sa communaut\u00e9 &#8230;<\/p>\n","protected":false},"author":1,"featured_media":0,"parent":0,"menu_order":0,"comment_status":"closed","ping_status":"closed","template":"","meta":{"footnotes":""},"yoast_head":"<!-- This site is optimized with the Yoast SEO plugin v24.5 - https:\/\/yoast.com\/wordpress\/plugins\/seo\/ -->\n<title>Qui \u00e9tait Fernand Asselin? - Ar\u00e9na Fernand-Asselin<\/title>\n<meta name=\"robots\" content=\"index, follow, max-snippet:-1, max-image-preview:large, max-video-preview:-1\" \/>\n<link rel=\"canonical\" href=\"https:\/\/arenafernandasselin.com\/?page_id=391\" \/>\n<meta property=\"og:locale\" content=\"fr_CA\" \/>\n<meta property=\"og:type\" content=\"article\" \/>\n<meta property=\"og:title\" content=\"Qui \u00e9tait Fernand Asselin? - Ar\u00e9na Fernand-Asselin\" \/>\n<meta property=\"og:description\" content=\"Mais qui \u00e9tait donc Fernand Asselin? Le nom de l\u2019ar\u00e9na a \u00e9t\u00e9 donn\u00e9 en l\u2019honneur du grand-p\u00e8re d\u2019\u00c9ric, le promoteurs de l&rsquo;ar\u00e9na. Les murs de l&rsquo;ar\u00e9na sont peints aux couleurs des Canadiens de Montr\u00e9al (Bleu, Blanc, Rouge) en m\u00e9moire de Fernand Asselin, un grand fan du Tricolore. Monsieur Fernand Asselin s&rsquo;est fortement impliqu\u00e9 dans le hockey mineur de sa communaut\u00e9 ...\" \/>\n<meta property=\"og:url\" content=\"https:\/\/arenafernandasselin.com\/?page_id=391\" \/>\n<meta property=\"og:site_name\" content=\"Ar\u00e9na Fernand-Asselin\" \/>\n<meta property=\"article:modified_time\" content=\"2023-12-03T21:47:04+00:00\" \/>\n<meta property=\"og:image\" content=\"https:\/\/arenafernandasselin.com\/wp-content\/uploads\/2019\/07\/fernand-asselin.jpg\" \/>\n<meta name=\"twitter:card\" content=\"summary_large_image\" \/>\n<meta name=\"twitter:label1\" content=\"Estimation du temps de lecture\" \/>\n\t<meta name=\"twitter:data1\" content=\"1 minute\" \/>\n<script type=\"application\/ld+json\" class=\"yoast-schema-graph\">{\"@context\":\"https:\/\/schema.org\",\"@graph\":[{\"@type\":\"WebPage\",\"@id\":\"https:\/\/arenafernandasselin.com\/?page_id=391\",\"url\":\"https:\/\/arenafernandasselin.com\/?page_id=391\",\"name\":\"Qui \u00e9tait Fernand Asselin? - Ar\u00e9na Fernand-Asselin\",\"isPartOf\":{\"@id\":\"https:\/\/arenafernandasselin.com\/#website\"},\"primaryImageOfPage\":{\"@id\":\"https:\/\/arenafernandasselin.com\/?page_id=391#primaryimage\"},\"image\":{\"@id\":\"https:\/\/arenafernandasselin.com\/?page_id=391#primaryimage\"},\"thumbnailUrl\":\"https:\/\/arenafernandasselin.com\/wp-content\/uploads\/2019\/07\/fernand-asselin.jpg\",\"datePublished\":\"2019-07-29T19:23:14+00:00\",\"dateModified\":\"2023-12-03T21:47:04+00:00\",\"breadcrumb\":{\"@id\":\"https:\/\/arenafernandasselin.com\/?page_id=391#breadcrumb\"},\"inLanguage\":\"fr-CA\",\"potentialAction\":[{\"@type\":\"ReadAction\",\"target\":[\"https:\/\/arenafernandasselin.com\/?page_id=391\"]}]},{\"@type\":\"ImageObject\",\"inLanguage\":\"fr-CA\",\"@id\":\"https:\/\/arenafernandasselin.com\/?page_id=391#primaryimage\",\"url\":\"https:\/\/arenafernandasselin.com\/wp-content\/uploads\/2019\/07\/fernand-asselin.jpg\",\"contentUrl\":\"https:\/\/arenafernandasselin.com\/wp-content\/uploads\/2019\/07\/fernand-asselin.jpg\",\"width\":200,\"height\":325},{\"@type\":\"BreadcrumbList\",\"@id\":\"https:\/\/arenafernandasselin.com\/?page_id=391#breadcrumb\",\"itemListElement\":[{\"@type\":\"ListItem\",\"position\":1,\"name\":\"Accueil\",\"item\":\"https:\/\/arenafernandasselin.com\/\"},{\"@type\":\"ListItem\",\"position\":2,\"name\":\"Qui \u00e9tait Fernand Asselin?\"}]},{\"@type\":\"WebSite\",\"@id\":\"https:\/\/arenafernandasselin.com\/#website\",\"url\":\"https:\/\/arenafernandasselin.com\/\",\"name\":\"Ar\u00e9na Fernand-Asselin\",\"description\":\"L&#039;endroit le plus cool de Trois-Rivi\u00e8res!\",\"publisher\":{\"@id\":\"https:\/\/arenafernandasselin.com\/#organization\"},\"potentialAction\":[{\"@type\":\"SearchAction\",\"target\":{\"@type\":\"EntryPoint\",\"urlTemplate\":\"https:\/\/arenafernandasselin.com\/?s={search_term_string}\"},\"query-input\":{\"@type\":\"PropertyValueSpecification\",\"valueRequired\":true,\"valueName\":\"search_term_string\"}}],\"inLanguage\":\"fr-CA\"},{\"@type\":\"Organization\",\"@id\":\"https:\/\/arenafernandasselin.com\/#organization\",\"name\":\"Ar\u00e9na Fernand-Asselin\",\"url\":\"https:\/\/arenafernandasselin.com\/\",\"logo\":{\"@type\":\"ImageObject\",\"inLanguage\":\"fr-CA\",\"@id\":\"https:\/\/arenafernandasselin.com\/#\/schema\/logo\/image\/\",\"url\":\"https:\/\/arenafernandasselin.com\/wp-content\/uploads\/2019\/07\/arenalogo.png\",\"contentUrl\":\"https:\/\/arenafernandasselin.com\/wp-content\/uploads\/2019\/07\/arenalogo.png\",\"width\":835,\"height\":80,\"caption\":\"Ar\u00e9na Fernand-Asselin\"},\"image\":{\"@id\":\"https:\/\/arenafernandasselin.com\/#\/schema\/logo\/image\/\"}}]}<\/script>\n<!-- \/ Yoast SEO plugin. -->","yoast_head_json":{"title":"Qui \u00e9tait Fernand Asselin? - Ar\u00e9na Fernand-Asselin","robots":{"index":"index","follow":"follow","max-snippet":"max-snippet:-1","max-image-preview":"max-image-preview:large","max-video-preview":"max-video-preview:-1"},"canonical":"https:\/\/arenafernandasselin.com\/?page_id=391","og_locale":"fr_CA","og_type":"article","og_title":"Qui \u00e9tait Fernand Asselin? - Ar\u00e9na Fernand-Asselin","og_description":"Mais qui \u00e9tait donc Fernand Asselin? Le nom de l\u2019ar\u00e9na a \u00e9t\u00e9 donn\u00e9 en l\u2019honneur du grand-p\u00e8re d\u2019\u00c9ric, le promoteurs de l&rsquo;ar\u00e9na. Les murs de l&rsquo;ar\u00e9na sont peints aux couleurs des Canadiens de Montr\u00e9al (Bleu, Blanc, Rouge) en m\u00e9moire de Fernand Asselin, un grand fan du Tricolore. Monsieur Fernand Asselin s&rsquo;est fortement impliqu\u00e9 dans le hockey mineur de sa communaut\u00e9 ...","og_url":"https:\/\/arenafernandasselin.com\/?page_id=391","og_site_name":"Ar\u00e9na Fernand-Asselin","article_modified_time":"2023-12-03T21:47:04+00:00","og_image":[{"url":"https:\/\/arenafernandasselin.com\/wp-content\/uploads\/2019\/07\/fernand-asselin.jpg","type":"","width":"","height":""}],"twitter_card":"summary_large_image","twitter_misc":{"Estimation du temps de lecture":"1 minute"},"schema":{"@context":"https:\/\/schema.org","@graph":[{"@type":"WebPage","@id":"https:\/\/arenafernandasselin.com\/?page_id=391","url":"https:\/\/arenafernandasselin.com\/?page_id=391","name":"Qui \u00e9tait Fernand Asselin? - Ar\u00e9na Fernand-Asselin","isPartOf":{"@id":"https:\/\/arenafernandasselin.com\/#website"},"primaryImageOfPage":{"@id":"https:\/\/arenafernandasselin.com\/?page_id=391#primaryimage"},"image":{"@id":"https:\/\/arenafernandasselin.com\/?page_id=391#primaryimage"},"thumbnailUrl":"https:\/\/arenafernandasselin.com\/wp-content\/uploads\/2019\/07\/fernand-asselin.jpg","datePublished":"2019-07-29T19:23:14+00:00","dateModified":"2023-12-03T21:47:04+00:00","breadcrumb":{"@id":"https:\/\/arenafernandasselin.com\/?page_id=391#breadcrumb"},"inLanguage":"fr-CA","potentialAction":[{"@type":"ReadAction","target":["https:\/\/arenafernandasselin.com\/?page_id=391"]}]},{"@type":"ImageObject","inLanguage":"fr-CA","@id":"https:\/\/arenafernandasselin.com\/?page_id=391#primaryimage","url":"https:\/\/arenafernandasselin.com\/wp-content\/uploads\/2019\/07\/fernand-asselin.jpg","contentUrl":"https:\/\/arenafernandasselin.com\/wp-content\/uploads\/2019\/07\/fernand-asselin.jpg","width":200,"height":325},{"@type":"BreadcrumbList","@id":"https:\/\/arenafernandasselin.com\/?page_id=391#breadcrumb","itemListElement":[{"@type":"ListItem","position":1,"name":"Accueil","item":"https:\/\/arenafernandasselin.com\/"},{"@type":"ListItem","position":2,"name":"Qui \u00e9tait Fernand Asselin?"}]},{"@type":"WebSite","@id":"https:\/\/arenafernandasselin.com\/#website","url":"https:\/\/arenafernandasselin.com\/","name":"Ar\u00e9na Fernand-Asselin","description":"L&#039;endroit le plus cool de Trois-Rivi\u00e8res!","publisher":{"@id":"https:\/\/arenafernandasselin.com\/#organization"},"potentialAction":[{"@type":"SearchAction","target":{"@type":"EntryPoint","urlTemplate":"https:\/\/arenafernandasselin.com\/?s={search_term_string}"},"query-input":{"@type":"PropertyValueSpecification","valueRequired":true,"valueName":"search_term_string"}}],"inLanguage":"fr-CA"},{"@type":"Organization","@id":"https:\/\/arenafernandasselin.com\/#organization","name":"Ar\u00e9na Fernand-Asselin","url":"https:\/\/arenafernandasselin.com\/","logo":{"@type":"ImageObject","inLanguage":"fr-CA","@id":"https:\/\/arenafernandasselin.com\/#\/schema\/logo\/image\/","url":"https:\/\/arenafernandasselin.com\/wp-content\/uploads\/2019\/07\/arenalogo.png","contentUrl":"https:\/\/arenafernandasselin.com\/wp-content\/uploads\/2019\/07\/arenalogo.png","width":835,"height":80,"caption":"Ar\u00e9na Fernand-Asselin"},"image":{"@id":"https:\/\/arenafernandasselin.com\/#\/schema\/logo\/image\/"}}]}},"_links":{"self":[{"href":"https:\/\/arenafernandasselin.com\/index.php?rest_route=\/wp\/v2\/pages\/391"}],"collection":[{"href":"https:\/\/arenafernandasselin.com\/index.php?rest_route=\/wp\/v2\/pages"}],"about":[{"href":"https:\/\/arenafernandasselin.com\/index.php?rest_route=\/wp\/v2\/types\/page"}],"author":[{"embeddable":true,"href":"https:\/\/arenafernandasselin.com\/index.php?rest_route=\/wp\/v2\/users\/1"}],"replies":[{"embeddable":true,"href":"https:\/\/arenafernandasselin.com\/index.php?rest_route=%2Fwp%2Fv2%2Fcomments&post=391"}],"version-history":[{"count":4,"href":"https:\/\/arenafernandasselin.com\/index.php?rest_route=\/wp\/v2\/pages\/391\/revisions"}],"predecessor-version":[{"id":955,"href":"https:\/\/arenafernandasselin.com\/index.php?rest_route=\/wp\/v2\/pages\/391\/revisions\/955"}],"wp:attachment":[{"href":"https:\/\/arenafernandasselin.com\/index.php?rest_route=%2Fwp%2Fv2%2Fmedia&parent=391"}],"curies":[{"name":"wp","href":"https:\/\/api.w.org\/{rel}","templated":true}]}}